{"id":903,"date":"2023-03-11T13:07:16","date_gmt":"2023-03-11T12:07:16","guid":{"rendered":"https:\/\/nowa.xivlo.pl\/?page_id=903"},"modified":"2024-09-20T22:09:57","modified_gmt":"2024-09-20T20:09:57","slug":"kalendarz-xiv-lo-2","status":"publish","type":"page","link":"https:\/\/www.xivlo.pl\/?page_id=903","title":{"rendered":"Kalendarz XIV LO"},"content":{"rendered":"\t\t<div data-elementor-type=\"wp-page\" data-elementor-id=\"903\" class=\"elementor elementor-903\">\n\t\t\t\t\t\t<section class=\"elementor-section elementor-top-section elementor-element elementor-element-ec2810a elementor-section-height-min-height elementor-section-boxed elementor-section-height-default elementor-section-items-middle\" data-id=\"ec2810a\" data-element_type=\"section\" data-e-type=\"section\" data-settings=\"{&quot;background_background&quot;:&quot;classic&quot;}\">\n\t\t\t\t\t\t<div class=\"elementor-container elementor-column-gap-default\">\n\t\t\t\t\t<div class=\"elementor-column elementor-col-100 elementor-top-column elementor-element elementor-element-268eeab\" data-id=\"268eeab\" data-element_type=\"column\" data-e-type=\"column\">\n\t\t\t<div class=\"elementor-widget-wrap\">\n\t\t\t\t\t\t\t<\/div>\n\t\t<\/div>\n\t\t\t\t\t<\/div>\n\t\t<\/section>\n\t\t\t\t<section class=\"elementor-section elementor-top-section elementor-element elementor-element-eeeafa1 elementor-section-boxed elementor-section-height-default elementor-section-height-default\" data-id=\"eeeafa1\" data-element_type=\"section\" data-e-type=\"section\">\n\t\t\t\t\t\t<div class=\"elementor-container elementor-column-gap-default\">\n\t\t\t\t\t<div class=\"elementor-column elementor-col-100 elementor-top-column elementor-element elementor-element-8dc3192\" data-id=\"8dc3192\" data-element_type=\"column\" data-e-type=\"column\">\n\t\t\t<div class=\"elementor-widget-wrap elementor-element-populated\">\n\t\t\t\t\t\t<section class=\"elementor-section elementor-inner-section elementor-element elementor-element-95b5826 elementor-section-boxed elementor-section-height-default elementor-section-height-default\" data-id=\"95b5826\" data-element_type=\"section\" data-e-type=\"section\">\n\t\t\t\t\t\t<div class=\"elementor-container elementor-column-gap-default\">\n\t\t\t\t\t<div class=\"elementor-column elementor-col-100 elementor-inner-column elementor-element elementor-element-575445d\" data-id=\"575445d\" data-element_type=\"column\" data-e-type=\"column\">\n\t\t\t<div class=\"elementor-widget-wrap elementor-element-populated\">\n\t\t\t\t\t\t<div class=\"elementor-element elementor-element-ddc750e elementor-widget elementor-widget-html\" data-id=\"ddc750e\" data-element_type=\"widget\" data-e-type=\"widget\" data-widget_type=\"html.default\">\n\t\t\t\t<div class=\"elementor-widget-container\">\n\t\t\t\t\t<h2 id=\"tablepress-12-name\" class=\"tablepress-table-name tablepress-table-name-id-12\">Kalendarz XIV LO<\/h2>\n\n<table id=\"tablepress-12\" class=\"tablepress tablepress-id-12\" aria-labelledby=\"tablepress-12-name\">\n<tbody class=\"row-striping row-hover\">\n<tr class=\"row-1\">\n\t<td class=\"column-1\">01.09.2025<\/td><td class=\"column-2\">Uroczyste rozpocz\u0119cie roku szkolnego 2025\/2026,<br>Diagnoza umiej\u0119tno\u015bci z j. angielskiego \u2013 klasy I<\/td>\n<\/tr>\n<tr class=\"row-2\">\n\t<td class=\"column-1\">10.09.2025<\/td><td class=\"column-2\">Diagnoza umiej\u0119tno\u015bci \u2013 j. polski (klasy I)<\/td>\n<\/tr>\n<tr class=\"row-3\">\n\t<td class=\"column-1\">11.09.2025<\/td><td class=\"column-2\">Diagnoza umiej\u0119tno\u015bci \u2013\u00a0matematyka (klasy I )<\/td>\n<\/tr>\n<tr class=\"row-4\">\n\t<td class=\"column-1\">17.09.2025<\/td><td class=\"column-2\">Zebranie rodzic\u00f3w klas drugich i trzecich godz. 17.30<\/td>\n<\/tr>\n<tr class=\"row-5\">\n\t<td class=\"column-1\">24.09.2025<\/td><td class=\"column-2\">Zebranie z rodzicami klas czwartych 17.30 4a, 4b; 4c; 18.30 4d, 4e, 4f, 4g- procedury egzaminu maturalnego<\/td>\n<\/tr>\n<tr class=\"row-6\">\n\t<td class=\"column-1\">24.09.2025<\/td><td class=\"column-2\">Zebranie z rodzicami klasy I om\u00f3wienie wynik\u00f3w diagnoz 17.30<\/td>\n<\/tr>\n<tr class=\"row-7\">\n\t<td class=\"column-1\">14.10.2025<\/td><td class=\"column-2\">Dzie\u0144 Edukacji Narodowej<\/td>\n<\/tr>\n<tr class=\"row-8\">\n\t<td class=\"column-1\">20-21-22-23.10.2025<\/td><td class=\"column-2\">Sprawdzian przedmaturalny z j\u0119zyka angielskiego \u2013 ustny<\/td>\n<\/tr>\n<tr class=\"row-9\">\n\t<td class=\"column-1\">01.11.2025<\/td><td class=\"column-2\">Wszystkich \u015awi\u0119tych<\/td>\n<\/tr>\n<tr class=\"row-10\">\n\t<td class=\"column-1\">10.11.2025<\/td><td class=\"column-2\">dzie\u0144 wolny od zaj\u0119\u0107 dydaktycznych<\/td>\n<\/tr>\n<tr class=\"row-11\">\n\t<td class=\"column-1\">11.11.2025<\/td><td class=\"column-2\">Dzie\u0144 Niepodleg\u0142o\u015bci \u2013 dzie\u0144 ustawowo wolny od zaj\u0119\u0107<\/td>\n<\/tr>\n<tr class=\"row-12\">\n\t<td class=\"column-1\">18 -20.11.2025<\/td><td class=\"column-2\">Sprawdzian\u00a0 przedmaturalny \u00a0z przedmiot\u00f3w obowi\u0105zkowych<\/td>\n<\/tr>\n<tr class=\"row-13\">\n\t<td class=\"column-1\">27.11.2025<\/td><td class=\"column-2\">Zebranie z rodzicami na m-c przed klasyfikacj\u0105 semestraln\u0105 godz. 17.30<\/td>\n<\/tr>\n<tr class=\"row-14\">\n\t<td class=\"column-1\">19.12.2025<\/td><td class=\"column-2\">Koniec I semestru<\/td>\n<\/tr>\n<tr class=\"row-15\">\n\t<td class=\"column-1\">19.12.2025<\/td><td class=\"column-2\">Wigilie klasowe<\/td>\n<\/tr>\n<tr class=\"row-16\">\n\t<td class=\"column-1\">22.12 \u2013 31.12.2025<\/td><td class=\"column-2\">Przerwa \u015bwi\u0105teczna<\/td>\n<\/tr>\n<tr class=\"row-17\">\n\t<td class=\"column-1\">1.01.2026<\/td><td class=\"column-2\">Nowy Rok<\/td>\n<\/tr>\n<tr class=\"row-18\">\n\t<td class=\"column-1\">6.01.2026<\/td><td class=\"column-2\">\u015awi\u0119to Trzech Kr\u00f3li<\/td>\n<\/tr>\n<tr class=\"row-19\">\n\t<td class=\"column-1\">7-8-9., 12-13. 01 2026<\/td><td class=\"column-2\">Sprawdzian przedmaturalny z j\u0119zyka polskiego \u2013 ustny<\/td>\n<\/tr>\n<tr class=\"row-20\">\n\t<td class=\"column-1\">14-15.01.2026<\/td><td class=\"column-2\">Sprawdziany przedmaturalne z przedmiot\u00f3w rozszerzonych<\/td>\n<\/tr>\n<tr class=\"row-21\">\n\t<td class=\"column-1\">18.02.2026<\/td><td class=\"column-2\">Zebranie z rodzicami \u2013 podsumowanie I semestru<\/td>\n<\/tr>\n<tr class=\"row-22\">\n\t<td class=\"column-1\">19.01 \u2013 30.01.2026<\/td><td class=\"column-2\">Ferie zimowe<\/td>\n<\/tr>\n<tr class=\"row-23\">\n\t<td class=\"column-1\">10-11-12.03.2026<\/td><td class=\"column-2\">Sprawdzian przedmaturalny z przedmiot\u00f3w obowi\u0105zkowych<\/td>\n<\/tr>\n<tr class=\"row-24\">\n\t<td class=\"column-1\">25.03.2026<\/td><td class=\"column-2\">Zebranie z rodzicami na m \u2013 c przed klasyfikacj\u0105 ko\u0144cow\u0105 maturzyst\u00f3w, godz.17.30<\/td>\n<\/tr>\n<tr class=\"row-25\">\n\t<td class=\"column-1\">2.04 \u2013 7.04.2026<\/td><td class=\"column-2\">Przerwa \u015awi\u0105teczna<\/td>\n<\/tr>\n<tr class=\"row-26\">\n\t<td class=\"column-1\">14-15-16.04.2026<\/td><td class=\"column-2\">Sprawdzian roczny dla klasy pierwszych, drugich i trzecich<\/td>\n<\/tr>\n<tr class=\"row-27\">\n\t<td class=\"column-1\">24.04.2026<\/td><td class=\"column-2\">Po\u017cegnanie maturzyst\u00f3w<\/td>\n<\/tr>\n<tr class=\"row-28\">\n\t<td class=\"column-1\">01.05 \u2013 3.05.2026<\/td><td class=\"column-2\">Dni wolne od zaj\u0119\u0107 dydaktycznych dla uczni\u00f3w klas pierwszych. drugich i trzecich<\/td>\n<\/tr>\n<tr class=\"row-29\">\n\t<td class=\"column-1\">4, 5, 6,7,8.05.2026<\/td><td class=\"column-2\">Matura \u2013 dni wolne od zaj\u0119\u0107 edukacyjnych<\/td>\n<\/tr>\n<tr class=\"row-30\">\n\t<td class=\"column-1\">27.05.2026<\/td><td class=\"column-2\">Zebranie z rodzicami na m-c przed klasyfikacj\u0105 roczn\u0105<\/td>\n<\/tr>\n<tr class=\"row-31\">\n\t<td class=\"column-1\">4.06.2026<\/td><td class=\"column-2\">Bo\u017ce Cia\u0142o<\/td>\n<\/tr>\n<tr class=\"row-32\">\n\t<td class=\"column-1\">5.06.2026<\/td><td class=\"column-2\">dzie\u0144 wolny od zaj\u0119\u0107 edukacyjnych<\/td>\n<\/tr>\n<tr class=\"row-33\">\n\t<td class=\"column-1\">26.06.2026<\/td><td class=\"column-2\">Uroczyste zako\u0144czenie roku szkolnego<\/td>\n<\/tr>\n<\/tbody>\n<\/table>\n<!-- #tablepress-12 from cache -->\t\t\t\t<\/div>\n\t\t\t\t<\/div>\n\t\t\t\t\t<\/div>\n\t\t<\/div>\n\t\t\t\t\t<\/div>\n\t\t<\/section>\n\t\t\t\t\t<\/div>\n\t\t<\/div>\n\t\t\t\t\t<\/div>\n\t\t<\/section>\n\t\t\t\t<\/div>\n\t\t","protected":false},"excerpt":{"rendered":"","protected":false},"author":1,"featured_media":0,"parent":0,"menu_order":0,"comment_status":"closed","ping_status":"closed","template":"","meta":{"_kadence_starter_templates_imported_post":false,"_kad_post_transparent":"","_kad_post_title":"hide","_kad_post_layout":"fullwidth","_kad_post_sidebar_id":"","_kad_post_content_style":"unboxed","_kad_post_vertical_padding":"hide","_kad_post_feature":"hide","_kad_post_feature_position":"","_kad_post_header":false,"_kad_post_footer":false,"_kad_post_classname":"","footnotes":""},"folder":[],"class_list":["post-903","page","type-page","status-publish","hentry"],"_links":{"self":[{"href":"https:\/\/www.xivlo.pl\/index.php?rest_route=\/wp\/v2\/pages\/903","targetHints":{"allow":["GET"]}}],"collection":[{"href":"https:\/\/www.xivlo.pl\/index.php?rest_route=\/wp\/v2\/pages"}],"about":[{"href":"https:\/\/www.xivlo.pl\/index.php?rest_route=\/wp\/v2\/types\/page"}],"author":[{"embeddable":true,"href":"https:\/\/www.xivlo.pl\/index.php?rest_route=\/wp\/v2\/users\/1"}],"replies":[{"embeddable":true,"href":"https:\/\/www.xivlo.pl\/index.php?rest_route=%2Fwp%2Fv2%2Fcomments&post=903"}],"version-history":[{"count":10,"href":"https:\/\/www.xivlo.pl\/index.php?rest_route=\/wp\/v2\/pages\/903\/revisions"}],"predecessor-version":[{"id":2183,"href":"https:\/\/www.xivlo.pl\/index.php?rest_route=\/wp\/v2\/pages\/903\/revisions\/2183"}],"wp:attachment":[{"href":"https:\/\/www.xivlo.pl\/index.php?rest_route=%2Fwp%2Fv2%2Fmedia&parent=903"}],"wp:term":[{"taxonomy":"folder","embeddable":true,"href":"https:\/\/www.xivlo.pl\/index.php?rest_route=%2Fwp%2Fv2%2Ffolder&post=903"}],"curies":[{"name":"wp","href":"https:\/\/api.w.org\/{rel}","templated":true}]}}